{"id":352,"date":"2014-09-01T17:22:14","date_gmt":"2014-09-01T15:22:14","guid":{"rendered":"http:\/\/wp2008.ius.bg.ac.rs\/kriminoloskasekcija\/?page_id=352"},"modified":"2021-08-17T16:01:51","modified_gmt":"2021-08-17T14:01:51","slug":"collections-of-papers","status":"publish","type":"page","link":"https:\/\/wp2008.ius.bg.ac.rs\/kriminoloskasekcija\/publications\/collections-of-papers\/","title":{"rendered":"Collections of Papers"},"content":{"rendered":"\r\n<p>&nbsp;<\/p>\r\n<p><a href=\"http:\/\/wp2008.ius.bg.ac.rs\/kriminoloskasekcija\/files\/2021\/08\/Kaznena-reakcija-u-Srbiji-10-Korica-1-2.jpg\"><img loading=\"lazy\" decoding=\"async\" class=\"wp-image-1049 alignleft\" src=\"http:\/\/wp2008.ius.bg.ac.rs\/kriminoloskasekcija\/files\/2021\/08\/Kaznena-reakcija-u-Srbiji-10-Korica-1-2-206x300.jpg\" alt=\"\" width=\"168\" height=\"245\" srcset=\"https:\/\/wp2008.ius.bg.ac.rs\/kriminoloskasekcija\/files\/2021\/08\/Kaznena-reakcija-u-Srbiji-10-Korica-1-2-206x300.jpg 206w, https:\/\/wp2008.ius.bg.ac.rs\/kriminoloskasekcija\/files\/2021\/08\/Kaznena-reakcija-u-Srbiji-10-Korica-1-2.jpg 704w\" sizes=\"auto, (max-width: 168px) 100vw, 168px\" \/><\/a><\/p>\r\n<p>\u0110or\u0111e Ignjtovi\u0107 (ed.), <em>Criminal Law Rea<\/em><em>ction in Serbia X<\/em>, Belgrade, 2020, p. 362. <a href=\"http:\/\/wp2008.ius.bg.ac.rs\/kriminoloskasekcija\/files\/2021\/08\/Kaznena-reakcija-u-Srbiji-10.fin_.pdf\">PDF<\/a><\/p>\r\n<p>&nbsp;<\/p>\r\n<p>&nbsp;<\/p>\r\n<p>&nbsp;<\/p>\r\n<p>&nbsp;<\/p>\r\n<p>&nbsp;<\/p>\r\n<p>&nbsp;<\/p>\r\n<p><a href=\"http:\/\/wp2008.ius.bg.ac.rs\/kriminoloskasekcija\/files\/2021\/08\/Kaznena-reakcija-u-Srbiji-9-Korica.jpg\"><img loading=\"lazy\" decoding=\"async\" class=\"wp-image-1047 alignleft\" src=\"http:\/\/wp2008.ius.bg.ac.rs\/kriminoloskasekcija\/files\/2021\/08\/Kaznena-reakcija-u-Srbiji-9-Korica-206x300.jpg\" alt=\"\" width=\"168\" height=\"245\" srcset=\"https:\/\/wp2008.ius.bg.ac.rs\/kriminoloskasekcija\/files\/2021\/08\/Kaznena-reakcija-u-Srbiji-9-Korica-206x300.jpg 206w, https:\/\/wp2008.ius.bg.ac.rs\/kriminoloskasekcija\/files\/2021\/08\/Kaznena-reakcija-u-Srbiji-9-Korica.jpg 624w\" sizes=\"auto, (max-width: 168px) 100vw, 168px\" \/><\/a><\/p>\r\n<p>\u0110or\u0111e Ignjtovi\u0107 (ed.), <em>Criminal Law Rea<\/em><em>ction in Serbia IX<\/em>, Belgrade, 2019, p.378. <a href=\"http:\/\/wp2008.ius.bg.ac.rs\/kriminoloskasekcija\/files\/2021\/08\/Kaznena-reakcija-u-Srbiji-9-Tabak.pdf\">PDF<\/a><\/p>\r\n<p>&nbsp;<\/p>\r\n<p>&nbsp;<\/p>\r\n<p>&nbsp;<\/p>\r\n<p>&nbsp;<\/p>\r\n<p>&nbsp;<\/p>\r\n<p>&nbsp;<\/p>\r\n<p>&nbsp;<\/p>\r\n<p><a href=\"http:\/\/wp2008.ius.bg.ac.rs\/kriminoloskasekcija\/files\/2021\/08\/Kazn-reakcija-u-Srb-8.jpg\"><img loading=\"lazy\" decoding=\"async\" class=\"wp-image-1045 alignleft\" src=\"http:\/\/wp2008.ius.bg.ac.rs\/kriminoloskasekcija\/files\/2021\/08\/Kazn-reakcija-u-Srb-8-206x300.jpg\" alt=\"\" width=\"168\" height=\"245\" srcset=\"https:\/\/wp2008.ius.bg.ac.rs\/kriminoloskasekcija\/files\/2021\/08\/Kazn-reakcija-u-Srb-8-206x300.jpg 206w, https:\/\/wp2008.ius.bg.ac.rs\/kriminoloskasekcija\/files\/2021\/08\/Kazn-reakcija-u-Srb-8.jpg 468w\" sizes=\"auto, (max-width: 168px) 100vw, 168px\" \/><\/a><\/p>\r\n<p>\u0110or\u0111e Ignjtovi\u0107 (ed.), <em>Criminal Law Rea<\/em><em>ction in Serbia VIII<\/em>, Belgrade, 2018, p. 306. <a href=\"http:\/\/wp2008.ius.bg.ac.rs\/kriminoloskasekcija\/files\/2021\/08\/Kaznena-reakcija-u-Srbiji-8.pdf\">PDF<\/a><\/p>\r\n<p>&nbsp;<\/p>\r\n<p>&nbsp;<\/p>\r\n<p>&nbsp;<\/p>\r\n<p>&nbsp;<\/p>\r\n<p>&nbsp;<\/p>\r\n<p>&nbsp;<\/p>\r\n<p>&nbsp;<\/p>\r\n<p><img loading=\"lazy\" decoding=\"async\" class=\"wp-image-909 alignleft\" src=\"http:\/\/wp2008.ius.bg.ac.rs\/kriminoloskasekcija\/files\/2019\/07\/Kaznena-reakcija-u-Srbiji-7-korica.jpg\" alt=\"\" width=\"167\" height=\"243\" srcset=\"https:\/\/wp2008.ius.bg.ac.rs\/kriminoloskasekcija\/files\/2019\/07\/Kaznena-reakcija-u-Srbiji-7-korica.jpg 468w, https:\/\/wp2008.ius.bg.ac.rs\/kriminoloskasekcija\/files\/2019\/07\/Kaznena-reakcija-u-Srbiji-7-korica-206x300.jpg 206w\" sizes=\"auto, (max-width: 167px) 100vw, 167px\" \/><\/p>\r\n<p>\u0110or\u0111e Ignjtovi\u0107 (ed.), <em>Criminal Law Rea<\/em><em>ction in Serbia VII<\/em>, Belgrade, 2017, p. 272. <a href=\"http:\/\/wp2008.ius.bg.ac.rs\/kriminoloskasekcija\/files\/2021\/08\/Kaznena-reakcija-u-Srbiji-7.pdf\">PDF<\/a><\/p>\r\n\r\n\r\n\r\n<p>&nbsp;<\/p>\r\n\r\n\r\n\r\n<p>&nbsp;<\/p>\r\n\r\n\r\n\r\n<p>&nbsp;<\/p>\r\n\r\n\r\n\r\n<p>&nbsp;<\/p>\r\n<p>&nbsp;<\/p>\r\n\r\n\r\n\r\n<p>&nbsp;<\/p>\r\n\r\n\r\n\r\n\r\n\r\n\r\n\r\n\r\n\r\n\r\n\r\n\r\n\r\n\r\n\r\n\r\n\r\n\r\n\r\n\r\n\r\n\r\n\r\n\r\n\r\n\r\n\r\n\r\n\r\n\r\n\r\n\r\n\r\n\r\n\r\n<p>&nbsp;<\/p>\r\n\r\n\r\n\r\n<div class=\"wp-block-image\">\r\n<figure class=\"alignleft is-resized\"><img loading=\"lazy\" decoding=\"async\" class=\"wp-image-907\" src=\"http:\/\/wp2008.ius.bg.ac.rs\/kriminoloskasekcija\/files\/2019\/07\/Kaznena-reakcija-u-Srbiji-6-Korica-1.jpg\" alt=\"\" width=\"162\" height=\"235\" srcset=\"https:\/\/wp2008.ius.bg.ac.rs\/kriminoloskasekcija\/files\/2019\/07\/Kaznena-reakcija-u-Srbiji-6-Korica-1.jpg 551w, https:\/\/wp2008.ius.bg.ac.rs\/kriminoloskasekcija\/files\/2019\/07\/Kaznena-reakcija-u-Srbiji-6-Korica-1-207x300.jpg 207w\" sizes=\"auto, (max-width: 162px) 100vw, 162px\" \/><\/figure>\r\n<\/div>\r\n\r\n<p>\u0110or\u0111e Ignjtovi\u0107 (ed.), <em>Criminal Law Reaction in Serbia VI<\/em>, Belgrade, 2016, p. 306. <a href=\"http:\/\/wp2008.ius.bg.ac.rs\/kriminoloskasekcija\/files\/2021\/08\/Kaznena-reakcija-u-Srbiji-6-Tabak.pdf\">PDF<\/a><\/p>\r\n<p>&nbsp;<\/p>\r\n<p>&nbsp;<\/p>\r\n<p>&nbsp;<\/p>\r\n<p>&nbsp;<\/p>\r\n<p>&nbsp;<\/p>\r\n<p>&nbsp;<\/p>\r\n<p>&nbsp;<\/p>\r\n<p style=\"color: #292929\"><a href=\"http:\/\/wp2008.ius.bg.ac.rs\/kriminoloskasekcija\/files\/2014\/09\/Kaznena-reakcija-u-Srbiji-V_pagenumber.001.jpg\"><img loading=\"lazy\" decoding=\"async\" class=\"wp-image-644 alignleft\" src=\"http:\/\/wp2008.ius.bg.ac.rs\/kriminoloskasekcija\/files\/2014\/09\/Kaznena-reakcija-u-Srbiji-V_pagenumber.001-213x300.jpg\" alt=\"Kaznena reakcija u Srbiji V_pagenumber.001\" width=\"160\" height=\"226\" srcset=\"https:\/\/wp2008.ius.bg.ac.rs\/kriminoloskasekcija\/files\/2014\/09\/Kaznena-reakcija-u-Srbiji-V_pagenumber.001-213x300.jpg 213w, https:\/\/wp2008.ius.bg.ac.rs\/kriminoloskasekcija\/files\/2014\/09\/Kaznena-reakcija-u-Srbiji-V_pagenumber.001.jpg 483w\" sizes=\"auto, (max-width: 160px) 100vw, 160px\" \/><\/a><\/p>\r\n<p style=\"color: #292929\">\u00a0<\/p>\r\n<p style=\"color: #292929\">\u0110or\u0111e Ignjtovi\u0107 (ed.), <em>Criminal Law Reaction in Serbia V<\/em>, Belgrade, 2015, p. 314. <a href=\"http:\/\/wp2008.ius.bg.ac.rs\/kriminoloskasekcija\/files\/2021\/08\/31-Kaznena-reakcija-u-Srbiji-5.pdf\">PDF<\/a><\/p>\r\n<p style=\"color: #292929\">ISBN 978-86-7630-568-1<\/p>\r\n<p style=\"color: #292929\">\u00a0<\/p>\r\n<p style=\"color: #292929\">\u00a0<\/p>\r\n<p style=\"color: #292929\">\u00a0<\/p>\r\n<p>&nbsp;<\/p>\r\n<p style=\"color: #292929\"><a href=\"http:\/\/wp2008.ius.bg.ac.rs\/kriminoloskasekcija\/files\/2014\/09\/429-450-large.jpg\"><img loading=\"lazy\" decoding=\"async\" class=\"  wp-image-559 alignleft\" src=\"http:\/\/wp2008.ius.bg.ac.rs\/kriminoloskasekcija\/files\/2014\/09\/429-450-large.jpg\" alt=\"429-450-large\" width=\"155\" height=\"228\" \/><\/a><\/p>\r\n<p style=\"color: #292929\">\u00a0<\/p>\r\n<p style=\"color: #292929\">\u0110or\u0111e Ignjtovi\u0107 (ed.), <em>Criminal Law Reaction in Serbia IV<\/em>, Belgrade, 2014, p. 346. <a href=\"http:\/\/wp2008.ius.bg.ac.rs\/kriminoloskasekcija\/files\/2021\/08\/28-Kaznena-reakcija-u-Srbiji-4.pdf\">PDF<\/a><\/p>\r\n<p style=\"color: #292929\">ISBN 978-86-7630-516-2<\/p>\r\n<p style=\"color: #292929\">\u00a0<\/p>\r\n<p style=\"color: #292929\">\u00a0<\/p>\r\n<p style=\"color: #292929\">\u00a0<\/p>\r\n<p style=\"color: #292929\">\u00a0<\/p>\r\n<p style=\"color: #292929\"><a href=\"http:\/\/wp2008.ius.bg.ac.rs\/kriminoloskasekcija\/files\/2014\/09\/Kaznena-reakcija-u-Srbiji-III-Korica.jpg\"><img loading=\"lazy\" decoding=\"async\" class=\"alignleft wp-image-372\" src=\"http:\/\/wp2008.ius.bg.ac.rs\/kriminoloskasekcija\/files\/2014\/09\/Kaznena-reakcija-u-Srbiji-III-Korica-206x300.jpg\" alt=\"Kaznena reakcija u Srbiji III - Korica\" width=\"154\" height=\"224\" srcset=\"https:\/\/wp2008.ius.bg.ac.rs\/kriminoloskasekcija\/files\/2014\/09\/Kaznena-reakcija-u-Srbiji-III-Korica-206x300.jpg 206w, https:\/\/wp2008.ius.bg.ac.rs\/kriminoloskasekcija\/files\/2014\/09\/Kaznena-reakcija-u-Srbiji-III-Korica.jpg 551w\" sizes=\"auto, (max-width: 154px) 100vw, 154px\" \/><\/a><\/p>\r\n<p style=\"color: #292929\">\u00a0<\/p>\r\n<p style=\"color: #292929\">\u0110or\u0111e Ignjtovi\u0107 (ed.), <em>Criminal Law Reaction in Serbia III<\/em>, Belgrade, 2013, p. 310. <a href=\"http:\/\/wp2008.ius.bg.ac.rs\/kriminoloskasekcija\/files\/2021\/08\/25-Kaznena-reakcija-u-Srbiji-3.pdf\">PDF<\/a><\/p>\r\n<p style=\"color: #292929\">ISBN\u00a0<span style=\"color: #000000\">978-86-7630-454-7<\/span><\/p>\r\n<p style=\"color: #292929\">\u00a0<\/p>\r\n<p style=\"color: #292929\">\u00a0<\/p>\r\n<p style=\"color: #292929\">\u00a0<\/p>\r\n<p>&nbsp;<\/p>\r\n<p style=\"color: #292929\"><a style=\"color: #364d96\" href=\"http:\/\/wp2008.ius.bg.ac.rs\/kriminoloskasekcija\/files\/2014\/07\/kaznena.jpg.w180h262-1.jpg\"><img loading=\"lazy\" decoding=\"async\" class=\"alignleft wp-image-209\" src=\"http:\/\/wp2008.ius.bg.ac.rs\/kriminoloskasekcija\/files\/2014\/07\/kaznena.jpg.w180h262-1.jpg\" alt=\"kaznena.jpg.w180h262 (1)\" width=\"152\" height=\"221\" \/><\/a><\/p>\r\n<p style=\"color: #292929\">\u00a0<\/p>\r\n<p style=\"color: #292929\">\u0110or\u0111e Ignjtovi\u0107 (ed.), <em>Criminal Law Reaction in Serbia II<\/em>, Belgrade, 2012, p. 334. <a href=\"http:\/\/wp2008.ius.bg.ac.rs\/kriminoloskasekcija\/files\/2021\/08\/23-Djordje-Ignjatovic-Kaznena-reakcija-u-Srbiji-2.pdf\">PDF<\/a><\/p>\r\n<p style=\"color: #292929\">\u00a0ISBN\u00a0<span style=\"color: #000000\">978-86-7630-397-7<\/span><\/p>\r\n<p style=\"color: #292929\">\u00a0<\/p>\r\n<p style=\"color: #292929\">\u00a0<\/p>\r\n<p style=\"color: #292929\">\u00a0<\/p>\r\n<p style=\"color: #292929\">\u00a0<\/p>\r\n<p style=\"color: #292929\"><a style=\"color: #364d96\" href=\"http:\/\/wp2008.ius.bg.ac.rs\/kriminoloskasekcija\/files\/2014\/07\/Crimen-19-Kaznena-reakcija-u-Srbiji.jpg\"><img loading=\"lazy\" decoding=\"async\" class=\"alignleft wp-image-189\" src=\"http:\/\/wp2008.ius.bg.ac.rs\/kriminoloskasekcija\/files\/2014\/07\/Crimen-19-Kaznena-reakcija-u-Srbiji-206x300.jpg\" alt=\"Crimen 19 Kaznena reakcija u Srbiji\" width=\"155\" height=\"225\" srcset=\"https:\/\/wp2008.ius.bg.ac.rs\/kriminoloskasekcija\/files\/2014\/07\/Crimen-19-Kaznena-reakcija-u-Srbiji-206x300.jpg 206w, https:\/\/wp2008.ius.bg.ac.rs\/kriminoloskasekcija\/files\/2014\/07\/Crimen-19-Kaznena-reakcija-u-Srbiji.jpg 487w\" sizes=\"auto, (max-width: 155px) 100vw, 155px\" \/><\/a><\/p>\r\n<p style=\"color: #292929\">\u00a0<\/p>\r\n<p style=\"color: #292929\">\u0110or\u0111e Ignjtovi\u0107 (ed.), <em>Criminal Law Reaction in Serbia I<\/em>, Belgrade, 2011, p. 310. <a href=\"http:\/\/wp2008.ius.bg.ac.rs\/kriminoloskasekcija\/files\/2021\/08\/Kaznena-reakcija-u-Srbiji.pdf\">PDF<\/a><\/p>\r\n<p style=\"color: #292929\">ISBN\u00a0<span style=\"color: #000000\">978-86-7630-326-7<\/span><\/p>\r\n<p style=\"color: #292929\">\u00a0<\/p>\r\n<p style=\"color: #292929\">\u00a0<\/p>\r\n<p style=\"color: #292929\">\u00a0<\/p>\r\n<p style=\"color: #292929\">\u00a0<\/p>\r\n<p style=\"color: #292929\">\u00a0<\/p>\r\n<p style=\"color: #292929\"><a style=\"color: #364d96\" href=\"http:\/\/wp2008.ius.bg.ac.rs\/kriminoloskasekcija\/files\/2014\/07\/stanjekriminalitetaivkorica.jpg.w180h264.jpg\"><img loading=\"lazy\" decoding=\"async\" class=\"alignleft wp-image-190\" src=\"http:\/\/wp2008.ius.bg.ac.rs\/kriminoloskasekcija\/files\/2014\/07\/stanjekriminalitetaivkorica.jpg.w180h264.jpg\" alt=\"stanjekriminalitetaivkorica.jpg.w180h264\" width=\"155\" height=\"227\" \/><\/a><\/p>\r\n<p style=\"color: #292929\">\u00a0<\/p>\r\n<p style=\"color: #292929\">\u0110or\u0111e Ignjatovi\u0107 (ed.), <em>Crime in Serbia and Legal Means of Reaction IV<\/em>, Belgrade, 2010, p. 334.<\/p>\r\n<p style=\"color: #292929\">ISBN <span style=\"color: #000000\">978-86-7630-265-9<\/span><\/p>\r\n<p style=\"color: #292929\">\u00a0<\/p>\r\n<p style=\"color: #292929\">\u00a0<\/p>\r\n<p style=\"color: #292929\">\u00a0<\/p>\r\n<p>&nbsp;<\/p>\r\n<p>&nbsp;<\/p>\r\n<p style=\"color: #292929\"><a style=\"color: #364d96\" href=\"http:\/\/wp2008.ius.bg.ac.rs\/kriminoloskasekcija\/files\/2014\/07\/stanjekriminaliteta.jpg.w180h262.jpg\"><img loading=\"lazy\" decoding=\"async\" class=\"alignleft wp-image-205\" src=\"http:\/\/wp2008.ius.bg.ac.rs\/kriminoloskasekcija\/files\/2014\/07\/stanjekriminaliteta.jpg.w180h262.jpg\" alt=\"stanjekriminaliteta.jpg.w180h262\" width=\"162\" height=\"236\" \/><\/a><\/p>\r\n<p style=\"color: #292929\">\u00a0<\/p>\r\n<p style=\"color: #292929\">\u0110or\u0111e Ignjatovi\u0107 (ed.),\u00a0<em>Crime in Serbia and Legal Means of Reaction III<\/em>, Belgrade, 2009, p. 490.<\/p>\r\n<p style=\"color: #292929\">ISBN\u00a0<span style=\"color: #000000\">978-86-7630-202-4<\/span><\/p>\r\n<p style=\"color: #292929\">\u00a0<\/p>\r\n<p style=\"color: #292929\">\u00a0<\/p>\r\n<p style=\"color: #292929\">\u00a0<\/p>\r\n<p>&nbsp;<\/p>\r\n<p>&nbsp;<\/p>\r\n<p style=\"color: #292929\"><a style=\"color: #364d96\" href=\"http:\/\/wp2008.ius.bg.ac.rs\/kriminoloskasekcija\/files\/2014\/07\/stanjekriminaliteta2.jpg.w180h263.jpg\"><img loading=\"lazy\" decoding=\"async\" class=\"alignleft wp-image-220\" src=\"http:\/\/wp2008.ius.bg.ac.rs\/kriminoloskasekcija\/files\/2014\/07\/stanjekriminaliteta2.jpg.w180h263.jpg\" alt=\"stanjekriminaliteta2.jpg.w180h263\" width=\"165\" height=\"241\" \/><\/a><\/p>\r\n<p style=\"color: #292929\">\u00a0<\/p>\r\n<p style=\"color: #292929\">\u0110or\u0111e Ignjatovi\u0107 (ed.),\u00a0<em>Crime in Serbia and Legal Means of Reaction II<\/em>, Belgrade, 2008, p. 253.<\/p>\r\n<p style=\"color: #292929\">ISBN\u00a0<span style=\"color: #000000\">978-86-7630-120-1<\/span><\/p>\r\n<p style=\"color: #292929\">\u00a0<\/p>\r\n<p style=\"color: #292929\">\u00a0<\/p>\r\n<p style=\"color: #292929\">\u00a0<\/p>\r\n<p>&nbsp;<\/p>\r\n<p>&nbsp;<\/p>\r\n<p style=\"color: #292929\"><a style=\"color: #364d96\" href=\"http:\/\/wp2008.ius.bg.ac.rs\/kriminoloskasekcija\/files\/2014\/07\/stanjekriminaliteta1.jpg.w180h263.jpg\"><img loading=\"lazy\" decoding=\"async\" class=\"alignleft wp-image-221\" src=\"http:\/\/wp2008.ius.bg.ac.rs\/kriminoloskasekcija\/files\/2014\/07\/stanjekriminaliteta1.jpg.w180h263.jpg\" alt=\"stanjekriminaliteta1.jpg.w180h263\" width=\"165\" height=\"241\" \/><\/a><\/p>\r\n<p style=\"color: #292929\">\u00a0<\/p>\r\n<p style=\"color: #292929\">\u0110or\u0111e Ignjatovi\u0107 (ed.),\u00a0<em>Crime in Serbia and Legal Means of Reaction I<\/em>, Belgrade, 2007, p. 326.<\/p>\r\n<p style=\"color: #292929\">\u00a0ISBN\u00a0<span style=\"color: #000000\">978-86-7630-071-6<\/span><\/p>\r\n<p style=\"color: #292929\">\u00a0<\/p>\r\n<p style=\"color: #292929\">\u00a0<\/p>\r\n<p style=\"color: #292929\">\u00a0<\/p>\r\n<p>&nbsp;<\/p>\r\n<p>&nbsp;<\/p>\r\n<p style=\"color: #292929\"><a style=\"color: #364d96\" href=\"http:\/\/wp2008.ius.bg.ac.rs\/kriminoloskasekcija\/files\/2014\/07\/zbornik.radova.jpg.w180h254.jpg\"><img loading=\"lazy\" decoding=\"async\" class=\"alignleft wp-image-222\" src=\"http:\/\/wp2008.ius.bg.ac.rs\/kriminoloskasekcija\/files\/2014\/07\/zbornik.radova.jpg.w180h254.jpg\" alt=\"zbornik.radova.jpg.w180h254\" width=\"168\" height=\"237\" \/><\/a><\/p>\r\n<p style=\"color: #292929\">\u00a0<\/p>\r\n<p style=\"color: #292929\">Obrad Peri\u0107, Collection of papers, Belgrade, 2007, p. 349.<\/p>\r\n<p style=\"color: #292929\">ISBN\u00a0<span class=\"artikal_podnaslovi_d\" style=\"color: #403c3a\">978-86-7738-070-0<\/span><span style=\"color: #403c3a\">\u00a0<\/span><\/p>","protected":false},"excerpt":{"rendered":"<p>&nbsp; &nbsp; &nbsp; &nbsp; &nbsp; &nbsp; &nbsp; \u0110or\u0111e Ignjtovi\u0107 (ed.), Criminal Law Reaction in Serbia VI, Belgrade, 2016, p. 306. PDF &nbsp; &nbsp; &nbsp; &nbsp; &nbsp; &nbsp; &nbsp; \u00a0 \u0110or\u0111e Ignjtovi\u0107 (ed.), Criminal Law Reaction in Serbia V, Belgrade, 2015, p. 314. PDF ISBN 978-86-7630-568-1 \u00a0 \u00a0 \u00a0 &nbsp; \u00a0 \u0110or\u0111e Ignjtovi\u0107 (ed.), Criminal Law [&hellip;]<\/p>\n","protected":false},"author":92,"featured_media":0,"parent":341,"menu_order":3,"comment_status":"closed","ping_status":"closed","template":"","meta":{"footnotes":""},"class_list":["post-352","page","type-page","status-publish","hentry"],"_links":{"self":[{"href":"https:\/\/wp2008.ius.bg.ac.rs\/kriminoloskasekcija\/wp-json\/wp\/v2\/pages\/352","targetHints":{"allow":["GET"]}}],"collection":[{"href":"https:\/\/wp2008.ius.bg.ac.rs\/kriminoloskasekcija\/wp-json\/wp\/v2\/pages"}],"about":[{"href":"https:\/\/wp2008.ius.bg.ac.rs\/kriminoloskasekcija\/wp-json\/wp\/v2\/types\/page"}],"author":[{"embeddable":true,"href":"https:\/\/wp2008.ius.bg.ac.rs\/kriminoloskasekcija\/wp-json\/wp\/v2\/users\/92"}],"replies":[{"embeddable":true,"href":"https:\/\/wp2008.ius.bg.ac.rs\/kriminoloskasekcija\/wp-json\/wp\/v2\/comments?post=352"}],"version-history":[{"count":39,"href":"https:\/\/wp2008.ius.bg.ac.rs\/kriminoloskasekcija\/wp-json\/wp\/v2\/pages\/352\/revisions"}],"predecessor-version":[{"id":1051,"href":"https:\/\/wp2008.ius.bg.ac.rs\/kriminoloskasekcija\/wp-json\/wp\/v2\/pages\/352\/revisions\/1051"}],"up":[{"embeddable":true,"href":"https:\/\/wp2008.ius.bg.ac.rs\/kriminoloskasekcija\/wp-json\/wp\/v2\/pages\/341"}],"wp:attachment":[{"href":"https:\/\/wp2008.ius.bg.ac.rs\/kriminoloskasekcija\/wp-json\/wp\/v2\/media?parent=352"}],"curies":[{"name":"wp","href":"https:\/\/api.w.org\/{rel}","templated":true}]}}